{"id":74,"date":"2021-12-13T12:19:50","date_gmt":"2021-12-13T12:19:50","guid":{"rendered":"http:\/\/www.capellaleopoldina.at\/?page_id=74"},"modified":"2023-02-25T12:18:42","modified_gmt":"2023-02-25T12:18:42","slug":"joerg-zwicker","status":"publish","type":"page","link":"https:\/\/www.capellaleopoldina.at\/index.php\/joerg-zwicker\/","title":{"rendered":"J\u00f6rg Zwicker"},"content":{"rendered":"<div id=\"pl-74\"  class=\"panel-layout\" ><div id=\"pg-74-0\"  class=\"panel-grid panel-has-style\" ><div class=\"siteorigin-panels-stretch panel-row-style panel-row-style-for-74-0\" data-stretch-type=\"full\" ><div id=\"pgc-74-0-0\"  class=\"panel-grid-cell\" ><div id=\"panel-74-0-0-0\" class=\"so-panel widget widget_sow-editor panel-first-child panel-last-child\" data-index=\"0\" ><div class=\"panel-widget-style panel-widget-style-for-74-0-0-0\" ><div\n\t\t\t\n\t\t\tclass=\"so-widget-sow-editor so-widget-sow-editor-base\"\n\t\t\t\n\t\t><h3 class=\"widget-title\">J\u00f6rg Zwicker<\/h3>\n<div class=\"siteorigin-widget-tinymce textwidget\">\n\t<div>\n<p><strong>J\u00f6rg Zwicker<\/strong><span class=\"apple-converted-space\">\u00a0<\/span>wurde 1969 im steirischen Judenburg geboren, studierte an der Hochschule f\u00fcr Musik und darstellende Kunst in Graz Konzertfach Violoncello bei Hildgund Posch sowie Viola da gamba bei Jos\u00e9 Vazquez an der Musikhochschule Wien.<\/p>\n<p>Bereits als 20j\u00e4hriger schloss Zwicker sein Konzertfachstudium f\u00fcr Violoncello mit dem Diplom ab. Durch seinen Lehrer Kurt Neuhauser begann er sich im Alter von 15 Jahren intensiv mit Auff\u00fchrungspraxis Alter Musik zu befassen. Als Privatsch\u00fcler von Nikolaus Harnoncourt gr\u00fcndete er 1985 sein erstes Ensemble f\u00fcr Alte Musik, aus welchem 1992 das professionelle Barockorchester Capella Leopoldina hervorging.<\/p>\n<p>Spezialstudien in Barockcello und Auff\u00fchrungspraxis f\u00fchrten ihn zu Jaap ter Linden an das Koninklijk Conservatorium in Den Haag, Niederlande sowie zu Christophe Coin an die Schola Cantorum Basiliensis, Schweiz.<br \/>\nEr ist Mitglied zahlreicher Ensembles Alter Musik (u.a. SAITSIING, ensemble amareno) und arbeitete mit namhaften Dirigenten wie Nikolaus Harnoncourt, Nicholas McGegan, Fabio Luisi, Eric Ericson, Barthold und Sigiswald Kuijken, Konrad Jungh\u00e4nel, Johannes Prinz, Erwin Ortner u.a. zusammen. Als Barockcellist und Dirigent konzertierte er bislang mit verschiedenen Ensembles und Orchestern in ganz Europa, der Ukraine, Indien, Kanada und den USA. Seine Arbeit ist auf rund 50 CD-Einspielungen sowie zahlreichen Rundfunk- und Fernsehproduktionen dokumentiert.<\/p>\n<p>Seit Herbst 1995 leitet J\u00f6rg Zwicker eine Klasse f\u00fcr Barockcello und das Barockorchester im Studiengang f\u00fcr Alte Musik an der Musik und Kunst Privatuniversit\u00e4t Wien und unterrichtet an der Kunstuniversit\u00e4t Graz Violoncello, Didaktik, Kammermusik und Ensembleleitung.<\/p>\n<p>J\u00f6rg Zwicker ist staatlich gepr\u00fcfter Bergf\u00fchrer, Zivilrechts-Mediator und diplomierter Neuro- und Biofeedbacktrainer. Als diplomierter Sportmentaltrainer h\u00e4lt er Seminare, Workshops und Vortr\u00e4ge zum Thema Lampenfieber und Stress-Pr\u00e4vention und coacht Profimusiker*innen und Leistungssportler*innen in den Bereichen Peak Performance und Konzentration.<\/p>\n<\/div>\n<\/div>\n<\/div><\/div><\/div><\/div><div id=\"pgc-74-0-1\"  class=\"panel-grid-cell\" ><div id=\"panel-74-0-1-0\" class=\"so-panel widget widget_sow-image panel-first-child panel-last-child\" data-index=\"1\" ><div\n\t\t\t\n\t\t\tclass=\"so-widget-sow-image so-widget-sow-image-default-8b5b6f678277-74\"\n\t\t\t\n\t\t>\n\n<div class=\"sow-image-container\">\n\t\t<img loading=\"lazy\" decoding=\"async\" src=\"https:\/\/www.capellaleopoldina.at\/wp-content\/uploads\/2021\/12\/presse01_gr.jpg\" width=\"1772\" height=\"1179\" srcset=\"https:\/\/www.capellaleopoldina.at\/wp-content\/uploads\/2021\/12\/presse01_gr.jpg 1772w, https:\/\/www.capellaleopoldina.at\/wp-content\/uploads\/2021\/12\/presse01_gr-300x200.jpg 300w, https:\/\/www.capellaleopoldina.at\/wp-content\/uploads\/2021\/12\/presse01_gr-1024x681.jpg 1024w, https:\/\/www.capellaleopoldina.at\/wp-content\/uploads\/2021\/12\/presse01_gr-768x511.jpg 768w, https:\/\/www.capellaleopoldina.at\/wp-content\/uploads\/2021\/12\/presse01_gr-1536x1022.jpg 1536w, https:\/\/www.capellaleopoldina.at\/wp-content\/uploads\/2021\/12\/presse01_gr-720x480.jpg 720w, https:\/\/www.capellaleopoldina.at\/wp-content\/uploads\/2021\/12\/presse01_gr-272x182.jpg 272w\" sizes=\"auto, (max-width: 1772px) 100vw, 1772px\" title=\"&lt;center&gt;Capella Leopoldina &lt;br&gt;\u00a9 Stefan Schweiger &lt;br&gt;Download: rgb\/jpg 2 MB &lt;\/center&gt; \" alt=\"\" \t\tclass=\"so-widget-image\"\/>\n\t<\/div>\n\n<\/div><\/div><\/div><\/div><\/div><div id=\"pg-74-1\"  class=\"panel-grid panel-has-style\" ><div class=\"siteorigin-panels-stretch panel-row-style panel-row-style-for-74-1\" data-stretch-type=\"full\" ><div id=\"pgc-74-1-0\"  class=\"panel-grid-cell\" ><div id=\"panel-74-1-0-0\" class=\"so-panel widget widget_sow-editor panel-first-child panel-last-child\" data-index=\"2\" ><div\n\t\t\t\n\t\t\tclass=\"so-widget-sow-editor so-widget-sow-editor-base\"\n\t\t\t\n\t\t><h3 class=\"widget-title\">Discographie J\u00f6rg Zwicker<\/h3>\n<div class=\"siteorigin-widget-tinymce textwidget\">\n\t<p><strong>H. Sch\u00fctz: Kleine geistliche Konzerte<\/strong><br \/>\nSolisten d. T\u00f6lzer Knabenchor; G. Schmidt-Gaden - Capriccio, 1989; 10418; LC 8748<\/p>\n<p><strong>Barockmusik aus Norditalien<\/strong><br \/>\nIl Parnaso Musicale - Tuning, 1989; TUN 789014-2, LC 6981<\/p>\n<p><strong>G. Ph. Telemann: Brockes-Passion<\/strong><br \/>\nCapella Savaria; N. McGegan - Hungaroton 1990; HCD 31130-32<\/p>\n<p><strong>G. F. H\u00e4ndel: Floridante<\/strong><br \/>\nCapella Savaria; N.McGegan - Hungaroton 1990, HCD 31304-06<\/p>\n<p><strong>G. F. H\u00e4ndel: Terpsichore<\/strong><br \/>\nCapella Savaria; N.McGegan - Hungaroton 1990<\/p>\n<p><strong>J. S. Bach: Hochzeitskantaten<\/strong><br \/>\nCapella Savaria; P. Nemeth - Quintana\/marmonia mundi france, 1990, QUI 903010<\/p>\n<p><strong>W. A. Mozart: Exultate jubilate<\/strong><br \/>\nCapella Savaria; P. Nemeth - Quintana\/marmonia mundi france, 1990, QUI 903015<\/p>\n<p><strong>G. B. Pergolesi: Stabat mater<\/strong><br \/>\nMari\u00e1 Zadori, Derek Lee Ragin, Capella Savaria; P. Nemeth - Quintana\/marmonia mundi france, 1990, QUI 903011<\/p>\n<p><strong>G. Ph. Telemann: Alt-Kantaten<\/strong><br \/>\nAnnette Markert, Il Parnaso Musicale - Christophorus, 1990, CHR 77119<\/p>\n<p><strong>C. Monteverdi: Madrigali<\/strong><br \/>\nM\u00e1ria Z\u00e1dori, Guy de Mey, u.a. Capella Savaria; N. McGegan - Quintana\/marmonia mundi france, 1991, QUI 903014<\/p>\n<p><strong>J. J. Fux: Il trionfo della fede<\/strong><br \/>\nCapella Savaria; F. Luisi - ORF\/Adeva, 1991, Adevaphon 3-4<\/p>\n<p><strong>G. F. H\u00e4ndel: Agrippina<\/strong><br \/>\nCapella Savaria; N. McGegan - harmonia mundi, 1991, HMU 90706365<\/p>\n<p><strong>W. A. Mozart: Klavierkonzerte<\/strong><br \/>\nMusica Antiqua Graz; J. Zwicker - Tuning, 1991, TUN9101-2<\/p>\n<p><strong>C. H. Graun: Der Tod Jesu<\/strong><br \/>\nCapella Savaria; P. Nemeth - Quintana\/marmonia mundi france, 1991, QUI 903061<\/p>\n<p><strong>A. Vivaldi: Oboenkonzerte<\/strong><br \/>\nCapella Savaria; M. Wolf - Quintana\/marmonia mundi france, 1992, QUI 903018<\/p>\n<p><strong>B. Marcello: Psalmen XIV, XVII<\/strong><br \/>\nG. de Mey, K. Mertens, R. Balconi - Quintana\/marmonia mundi france, 1992, HMA 1903048<\/p>\n<p><strong>J. G. Werner: Deborah<\/strong><br \/>\nCapella Savaria; P. Nemeth - Quintana\/marmonia mundi france, 1992, QUI 9030??<\/p>\n<\/div>\n<\/div><\/div><\/div><div id=\"pgc-74-1-1\"  class=\"panel-grid-cell\" ><div id=\"panel-74-1-1-0\" class=\"so-panel widget widget_sow-editor panel-first-child panel-last-child\" data-index=\"3\" ><div\n\t\t\t\n\t\t\tclass=\"so-widget-sow-editor so-widget-sow-editor-base\"\n\t\t\t\n\t\t>\n<div class=\"siteorigin-widget-tinymce textwidget\">\n\t<p><strong>G. Ph. Telemann: Triosonaten<\/strong><br \/>\nIl Parnaso Musicale - Christophorus, 1993, CHR 77138<\/p>\n<p><strong>A. Stradella: Lo Schiavo liberato<\/strong><br \/>\nStradella Consort; E. Velardi - Bongiovanni, 1993, GB 2164-2<\/p>\n<p><strong>Rossetti, Stich: Hornkonzerte<\/strong><br \/>\nSol sol la sol; H. Arman - 1994<\/p>\n<p><strong>Biber: Missa Alleluja; Schmelzer: Vesperae solennes<\/strong><br \/>\nGradus ad Parnassum; K. Jungh\u00e4nel - deutsche harmonia mundi\/ORF, 1994, 05472 773262<\/p>\n<p><strong>Stradella: Kantaten<\/strong><br \/>\nOrchestra dell\u00b4Arcademia; S. Balestracci - Stradivarius, 1994<\/p>\n<p><strong>Ovids Reise<\/strong><br \/>\nMusica Poetica - Innsbrucker Festwochen der Alten Musik 1998, CD 980322<\/p>\n<p><strong>J. S. Bach: 6 Suites a Violoncello solo<\/strong><br \/>\nJ\u00f6rg Zwicker - MMP, 2000 - Eigenverlag, MMP 21031685<\/p>\n<p><strong>Lux \u00c6terna<\/strong><br \/>\nArmonico tributo Austria, L. Duftschmid - cpo, 2002<\/p>\n<p><strong>A. D. 1683<\/strong><br \/>\nArmonico tributo Austria, L. Duftschmid - cpo, 2002<\/p>\n<p><strong>Vedo il ciel \u2013 Arias and Overtures by Handel<\/strong><br \/>\nCapella Leopoldina; Lydia Vierlinger - Alto - universal\/Amadeo 2004, CD 476 300 0<br \/>\nnominiert f\u00fcr den \"Klassik Amadeus Award\"<\/p>\n<p><strong>Winter wonderland<\/strong><br \/>\nThe 4reasons<br \/>\nD\u00b4Ohr records, 2004, DRCD-0406<\/p>\n<p><strong>Pastorelle en musique \u2013 G.Ph. Telemann<\/strong><br \/>\nCapella Leopoldina, Doerthe Maria Sandmann, Barbara Fink, Lydia Vierlinger, Bernhard Berchtold, Mathias Hausmann; Dir. Kirill Karabits Weltersteinspielung Capriccio 2005 \u2013 71 054\/55<\/p>\n<p><strong>Almirante<\/strong><br \/>\nBarocke Duette f\u00fcr Sopran und Alt von H. Purcell, G. F. H\u00e4ndel, J. S. Bach, J. J.Fux Idee und Konzept: J\u00f6rg Zwicker, erg\u00e4nzendes Libretto Thomas H\u00f6ft, ital. \u00dcbersetzung: Carmen Grasso, erg\u00e4nzende Rezitative: Ugo Nastrucci Capella Leopoldina; Deborah York \u2013 Sopran, Lydia Vierlinger \u2013 Alt; Dir. J\u00f6rg Zwicker NAXOS\/Phoenix 2008, 121<\/p>\n<p><strong>FUSION \u2013 Baroque meets Jazz<\/strong><br \/>\nCapella Leopoldina, AMEN Universal 2008<\/p>\n<p><strong>\"Ein Karneval in Wien\"<\/strong><br \/>\nAccentus Austria, 2016<\/p>\n<p><strong>Georg Philipp Telemann<\/strong><br \/>\nKammermusik - 2017<\/p>\n<\/div>\n<\/div><\/div><\/div><\/div><\/div><\/div>","protected":false},"excerpt":{"rendered":"<p>J\u00f6rg Zwicker\u00a0wurde 1969 im steirischen Judenburg geboren, studierte an der Hochschule f\u00fcr Musik und darstellende [&hellip;]<\/p>\n","protected":false},"author":1,"featured_media":0,"parent":0,"menu_order":10,"comment_status":"closed","ping_status":"closed","template":"","meta":{"footnotes":""},"class_list":["post-74","page","type-page","status-publish","hentry","post"],"_links":{"self":[{"href":"https:\/\/www.capellaleopoldina.at\/index.php\/wp-json\/wp\/v2\/pages\/74","targetHints":{"allow":["GET"]}}],"collection":[{"href":"https:\/\/www.capellaleopoldina.at\/index.php\/wp-json\/wp\/v2\/pages"}],"about":[{"href":"https:\/\/www.capellaleopoldina.at\/index.php\/wp-json\/wp\/v2\/types\/page"}],"author":[{"embeddable":true,"href":"https:\/\/www.capellaleopoldina.at\/index.php\/wp-json\/wp\/v2\/users\/1"}],"replies":[{"embeddable":true,"href":"https:\/\/www.capellaleopoldina.at\/index.php\/wp-json\/wp\/v2\/comments?post=74"}],"version-history":[{"count":16,"href":"https:\/\/www.capellaleopoldina.at\/index.php\/wp-json\/wp\/v2\/pages\/74\/revisions"}],"predecessor-version":[{"id":565,"href":"https:\/\/www.capellaleopoldina.at\/index.php\/wp-json\/wp\/v2\/pages\/74\/revisions\/565"}],"wp:attachment":[{"href":"https:\/\/www.capellaleopoldina.at\/index.php\/wp-json\/wp\/v2\/media?parent=74"}],"curies":[{"name":"wp","href":"https:\/\/api.w.org\/{rel}","templated":true}]}}